{"id":313,"date":"2023-09-07T15:02:47","date_gmt":"2023-09-07T15:02:47","guid":{"rendered":"https:\/\/carpediem.fernandogalarce.vinculo.cl\/?page_id=313"},"modified":"2024-06-10T00:58:49","modified_gmt":"2024-06-10T00:58:49","slug":"edificio-zone","status":"publish","type":"page","link":"https:\/\/inmobiliariacarpediem.cl\/index.php\/edificio-zone\/","title":{"rendered":"Casa mejillones"},"content":{"rendered":"\t\t<div data-elementor-type=\"wp-page\" data-elementor-id=\"313\" class=\"elementor elementor-313\">\n\t\t\t\t\t\t<section class=\"elementor-section elementor-top-section elementor-element elementor-element-4d302e2d elementor-section-height-min-height elementor-section-boxed elementor-section-height-default elementor-section-items-middle tf-sticky-section tf-sticky-no\" data-id=\"4d302e2d\" data-element_type=\"section\" data-settings=\"{&quot;background_background&quot;:&quot;classic&quot;,&quot;tf_sticky&quot;:&quot;no&quot;}\">\n\t\t\t\t\t\t\t<div class=\"elementor-background-overlay\"><\/div>\n\t\t\t\t\t\t\t<div class=\"elementor-container elementor-column-gap-default\">\n\t\t\t\t\t<div class=\"elementor-column elementor-col-100 elementor-top-column elementor-element elementor-element-4bf07810\" data-id=\"4bf07810\" data-element_type=\"column\">\n\t\t\t<div class=\"elementor-widget-wrap elementor-element-populated\">\n\t\t\t\t\t\t<div class=\"elementor-element elementor-element-5d6339dc de_scroll_animation_no elementor-widget elementor-widget-heading\" data-id=\"5d6339dc\" data-element_type=\"widget\" data-widget_type=\"heading.default\">\n\t\t\t\t<div class=\"elementor-widget-container\">\n\t\t\t<style>\/*! elementor - v3.21.0 - 26-05-2024 *\/\n.elementor-heading-title{padding:0;margin:0;line-height:1}.elementor-widget-heading .elementor-heading-title[class*=elementor-size-]>a{color:inherit;font-size:inherit;line-height:inherit}.elementor-widget-heading .elementor-heading-title.elementor-size-small{font-size:15px}.elementor-widget-heading .elementor-heading-title.elementor-size-medium{font-size:19px}.elementor-widget-heading .elementor-heading-title.elementor-size-large{font-size:29px}.elementor-widget-heading .elementor-heading-title.elementor-size-xl{font-size:39px}.elementor-widget-heading .elementor-heading-title.elementor-size-xxl{font-size:59px}<\/style><h2 class=\"elementor-heading-title elementor-size-default\">venta casa en mejillones<br><\/h2>\t\t<\/div>\n\t\t\t\t<\/div>\n\t\t\t\t<div class=\"elementor-element elementor-element-a27c0e9 de_scroll_animation_no elementor-widget elementor-widget-text-editor\" data-id=\"a27c0e9\" data-element_type=\"widget\" data-widget_type=\"text-editor.default\">\n\t\t\t\t<div class=\"elementor-widget-container\">\n\t\t\t<style>\/*! elementor - v3.21.0 - 26-05-2024 *\/\n.elementor-widget-text-editor.elementor-drop-cap-view-stacked .elementor-drop-cap{background-color:#69727d;color:#fff}.elementor-widget-text-editor.elementor-drop-cap-view-framed .elementor-drop-cap{color:#69727d;border:3px solid;background-color:transparent}.elementor-widget-text-editor:not(.elementor-drop-cap-view-default) .elementor-drop-cap{margin-top:8px}.elementor-widget-text-editor:not(.elementor-drop-cap-view-default) .elementor-drop-cap-letter{width:1em;height:1em}.elementor-widget-text-editor .elementor-drop-cap{float:left;text-align:center;line-height:1;font-size:50px}.elementor-widget-text-editor .elementor-drop-cap-letter{display:inline-block}<\/style>\t\t\t\t<h4>4D 3B &#8211; Mejillones<\/h4>\t\t\t\t\t\t<\/div>\n\t\t\t\t<\/div>\n\t\t\t\t\t<\/div>\n\t\t<\/div>\n\t\t\t\t\t<\/div>\n\t\t<\/section>\n\t\t\t\t<section class=\"elementor-section elementor-top-section elementor-element elementor-element-1bbba479 elementor-section-boxed elementor-section-height-default elementor-section-height-default tf-sticky-section tf-sticky-no\" data-id=\"1bbba479\" data-element_type=\"section\" data-settings=\"{&quot;tf_sticky&quot;:&quot;no&quot;}\">\n\t\t\t\t\t\t<div class=\"elementor-container elementor-column-gap-default\">\n\t\t\t\t\t<div class=\"elementor-column elementor-col-50 elementor-top-column elementor-element elementor-element-e556c7d\" data-id=\"e556c7d\" data-element_type=\"column\">\n\t\t\t<div class=\"elementor-widget-wrap elementor-element-populated\">\n\t\t\t\t\t\t<div class=\"elementor-element elementor-element-16dae4dc de_scroll_animation_no elementor-widget elementor-widget-image\" data-id=\"16dae4dc\" data-element_type=\"widget\" data-widget_type=\"image.default\">\n\t\t\t\t<div class=\"elementor-widget-container\">\n\t\t\t<style>\/*! elementor - v3.21.0 - 26-05-2024 *\/\n.elementor-widget-image{text-align:center}.elementor-widget-image a{display:inline-block}.elementor-widget-image a img[src$=\".svg\"]{width:48px}.elementor-widget-image img{vertical-align:middle;display:inline-block}<\/style>\t\t\t\t\t\t\t\t\t\t<img fetchpriority=\"high\" decoding=\"async\" width=\"771\" height=\"1024\" src=\"https:\/\/inmobiliariacarpediem.cl\/wp-content\/uploads\/2024\/05\/Casa-mejillones-771x1024.jpg\" class=\"attachment-large size-large wp-image-553\" alt=\"\" srcset=\"https:\/\/inmobiliariacarpediem.cl\/wp-content\/uploads\/2024\/05\/Casa-mejillones-771x1024.jpg 771w, https:\/\/inmobiliariacarpediem.cl\/wp-content\/uploads\/2024\/05\/Casa-mejillones-226x300.jpg 226w, https:\/\/inmobiliariacarpediem.cl\/wp-content\/uploads\/2024\/05\/Casa-mejillones-768x1021.jpg 768w, https:\/\/inmobiliariacarpediem.cl\/wp-content\/uploads\/2024\/05\/Casa-mejillones-1156x1536.jpg 1156w, https:\/\/inmobiliariacarpediem.cl\/wp-content\/uploads\/2024\/05\/Casa-mejillones.jpg 1204w\" sizes=\"(max-width: 771px) 100vw, 771px\" \/>\t\t\t\t\t\t\t\t\t\t\t\t\t<\/div>\n\t\t\t\t<\/div>\n\t\t\t\t\t<\/div>\n\t\t<\/div>\n\t\t\t\t<div class=\"elementor-column elementor-col-50 elementor-top-column elementor-element elementor-element-3ab586a4\" data-id=\"3ab586a4\" data-element_type=\"column\" data-settings=\"{&quot;background_background&quot;:&quot;classic&quot;}\">\n\t\t\t<div class=\"elementor-widget-wrap elementor-element-populated\">\n\t\t\t\t\t\t<div class=\"elementor-element elementor-element-70a51c39 de_scroll_animation_no elementor-widget elementor-widget-heading\" data-id=\"70a51c39\" data-element_type=\"widget\" data-widget_type=\"heading.default\">\n\t\t\t\t<div class=\"elementor-widget-container\">\n\t\t\t<h2 class=\"elementor-heading-title elementor-size-default\"><b>VENTA<\/b><\/h2>\t\t<\/div>\n\t\t\t\t<\/div>\n\t\t\t\t<div class=\"elementor-element elementor-element-f3ee83f de_scroll_animation_no elementor-widget elementor-widget-heading\" data-id=\"f3ee83f\" data-element_type=\"widget\" data-widget_type=\"heading.default\">\n\t\t\t\t<div class=\"elementor-widget-container\">\n\t\t\t<h2 class=\"elementor-heading-title elementor-size-default\">4D 3B | Mejillones<\/h2>\t\t<\/div>\n\t\t\t\t<\/div>\n\t\t\t\t<div class=\"elementor-element elementor-element-143c6524 de_scroll_animation_no elementor-widget elementor-widget-heading\" data-id=\"143c6524\" data-element_type=\"widget\" data-widget_type=\"heading.default\">\n\t\t\t\t<div class=\"elementor-widget-container\">\n\t\t\t<h2 class=\"elementor-heading-title elementor-size-default\">CASA EN MEJILLONES<\/h2>\t\t<\/div>\n\t\t\t\t<\/div>\n\t\t\t\t<section class=\"elementor-section elementor-inner-section elementor-element elementor-element-763e2024 elementor-section-boxed elementor-section-height-default elementor-section-height-default tf-sticky-section tf-sticky-no\" data-id=\"763e2024\" data-element_type=\"section\" data-settings=\"{&quot;tf_sticky&quot;:&quot;no&quot;}\">\n\t\t\t\t\t\t<div class=\"elementor-container elementor-column-gap-default\">\n\t\t\t\t\t<div class=\"elementor-column elementor-col-50 elementor-inner-column elementor-element elementor-element-5dfbddfa\" data-id=\"5dfbddfa\" data-element_type=\"column\">\n\t\t\t<div class=\"elementor-widget-wrap elementor-element-populated\">\n\t\t\t\t\t\t<div class=\"elementor-element elementor-element-e7e9057 de_scroll_animation_no elementor-widget elementor-widget-image\" data-id=\"e7e9057\" data-element_type=\"widget\" data-widget_type=\"image.default\">\n\t\t\t\t<div class=\"elementor-widget-container\">\n\t\t\t\t\t\t\t\t\t\t\t\t\t<img decoding=\"async\" width=\"54\" height=\"52\" src=\"https:\/\/inmobiliariacarpediem.cl\/wp-content\/uploads\/2023\/09\/aboutcard1.png\" class=\"attachment-large size-large wp-image-74\" alt=\"\" \/>\t\t\t\t\t\t\t\t\t\t\t\t\t<\/div>\n\t\t\t\t<\/div>\n\t\t\t\t\t<\/div>\n\t\t<\/div>\n\t\t\t\t<div class=\"elementor-column elementor-col-50 elementor-inner-column elementor-element elementor-element-479af86c\" data-id=\"479af86c\" data-element_type=\"column\">\n\t\t\t<div class=\"elementor-widget-wrap elementor-element-populated\">\n\t\t\t\t\t\t<div class=\"elementor-element elementor-element-5cb22efc de_scroll_animation_no elementor-widget elementor-widget-heading\" data-id=\"5cb22efc\" data-element_type=\"widget\" data-widget_type=\"heading.default\">\n\t\t\t\t<div class=\"elementor-widget-container\">\n\t\t\t<h2 class=\"elementor-heading-title elementor-size-default\">UF 3.475<\/h2>\t\t<\/div>\n\t\t\t\t<\/div>\n\t\t\t\t<div class=\"elementor-element elementor-element-2bb73ba8 de_scroll_animation_no elementor-widget elementor-widget-text-editor\" data-id=\"2bb73ba8\" data-element_type=\"widget\" data-widget_type=\"text-editor.default\">\n\t\t\t\t<div class=\"elementor-widget-container\">\n\t\t\t\t\t\t\t<h5><strong>Tipolog\u00eda:<\/strong>\u00a04D 3B<br \/>Superficie total: 140 m2<br \/>VALOR VENTA: uf 3.475<br \/><br \/><\/h5>\t\t\t\t\t\t<\/div>\n\t\t\t\t<\/div>\n\t\t\t\t\t<\/div>\n\t\t<\/div>\n\t\t\t\t\t<\/div>\n\t\t<\/section>\n\t\t\t\t<div class=\"elementor-element elementor-element-7b409e0 elementor-align-left elementor-mobile-align-center de_scroll_animation_no elementor-widget elementor-widget-button\" data-id=\"7b409e0\" data-element_type=\"widget\" data-widget_type=\"button.default\">\n\t\t\t\t<div class=\"elementor-widget-container\">\n\t\t\t\t\t<div class=\"elementor-button-wrapper\">\n\t\t\t<a class=\"elementor-button elementor-button-link elementor-size-sm\" href=\"mailto:contacto@inmobiliariacarpediem.cl\" target=\"_blank\">\n\t\t\t\t\t\t<span class=\"elementor-button-content-wrapper\">\n\t\t\t\t\t\t\t\t\t<span class=\"elementor-button-text\">Contactar<\/span>\n\t\t\t\t\t<\/span>\n\t\t\t\t\t<\/a>\n\t\t<\/div>\n\t\t\t\t<\/div>\n\t\t\t\t<\/div>\n\t\t\t\t\t<\/div>\n\t\t<\/div>\n\t\t\t\t\t<\/div>\n\t\t<\/section>\n\t\t\t\t<section class=\"elementor-section elementor-top-section elementor-element elementor-element-01ca44c elementor-section-boxed elementor-section-height-default elementor-section-height-default tf-sticky-section tf-sticky-no\" data-id=\"01ca44c\" data-element_type=\"section\" data-settings=\"{&quot;tf_sticky&quot;:&quot;no&quot;}\">\n\t\t\t\t\t\t<div class=\"elementor-container elementor-column-gap-default\">\n\t\t\t\t\t<div class=\"elementor-column elementor-col-100 elementor-top-column elementor-element elementor-element-a446fb3\" data-id=\"a446fb3\" data-element_type=\"column\" data-settings=\"{&quot;background_background&quot;:&quot;classic&quot;}\">\n\t\t\t<div class=\"elementor-widget-wrap elementor-element-populated\">\n\t\t\t\t\t\t<section class=\"elementor-section elementor-inner-section elementor-element elementor-element-68d043f elementor-section-boxed elementor-section-height-default elementor-section-height-default tf-sticky-section tf-sticky-no\" data-id=\"68d043f\" data-element_type=\"section\" data-settings=\"{&quot;tf_sticky&quot;:&quot;no&quot;}\">\n\t\t\t\t\t\t<div class=\"elementor-container elementor-column-gap-default\">\n\t\t\t\t\t<div class=\"elementor-column elementor-col-100 elementor-inner-column elementor-element elementor-element-a3f2fa0\" data-id=\"a3f2fa0\" data-element_type=\"column\">\n\t\t\t<div class=\"elementor-widget-wrap elementor-element-populated\">\n\t\t\t\t\t\t<div class=\"elementor-element elementor-element-84d81a7 de_scroll_animation_no elementor-widget elementor-widget-heading\" data-id=\"84d81a7\" data-element_type=\"widget\" data-widget_type=\"heading.default\">\n\t\t\t\t<div class=\"elementor-widget-container\">\n\t\t\t<h2 class=\"elementor-heading-title elementor-size-default\">DESCRIPCI\u00d3N DE LA PROPIEDAD<\/h2>\t\t<\/div>\n\t\t\t\t<\/div>\n\t\t\t\t<div class=\"elementor-element elementor-element-1775866 elementor-widget-tablet__width-initial de_scroll_animation_no elementor-widget elementor-widget-text-editor\" data-id=\"1775866\" data-element_type=\"widget\" data-widget_type=\"text-editor.default\">\n\t\t\t\t<div class=\"elementor-widget-container\">\n\t\t\t\t\t\t\t<div class=\"columna70 top left\"><div class=\"lineas\">SE VENDE CASA EN LA CIUDAD DE MEJILLONES<br \/>Ubicaci\u00f3n: Calle Arturo P\u00e9rez Canto N\u00b0 674, cuenta con:<br \/>&#8211; 4 Habitaciones, 1 en Suite<br \/>&#8211; 3 Ba\u00f1os (inlcuye el que esta en suite)<br \/>&#8211; Cocina americana<\/div><div class=\"lineas\"><span style=\"background-color: var( --e-global-color-primary ); color: var( --e-global-color-2db10ce ); font-family: var(--wp--preset--font-family--system-font); font-size: var(--wp--preset--font-size--medium);\">&#8211; Estacionamiento<\/span><\/div><div>&#8211; Amplio living comedor<\/div><div class=\"lineas\">La construcci\u00f3n es 100 % s\u00f3lida, regularizada.Valor de la propiedad UF 3475.<\/div><div class=\"lineas\">CONTACTO:<br \/>M\u00f3vil: +56987838603<br \/><span style=\"color: var( --e-global-color-2db10ce ); background-color: var( --e-global-color-primary ); font-family: var(--wp--preset--font-family--system-font); font-size: var(--wp--preset--font-size--medium);\"><br \/><\/span><span style=\"color: var( --e-global-color-2db10ce ); background-color: var( --e-global-color-primary ); font-family: var(--wp--preset--font-family--system-font); font-size: var(--wp--preset--font-size--medium);\">Para agendar una visita solicitarla al correo\u00a0<span style=\"color: #ffffff;\"><a style=\"color: #ffffff;\" href=\"mailto:contacto@inmobiliariacarpediem.cl\">contacto@inmobiliariacarpediem.cl<\/a><\/span>, las visitas solo se agenda los s\u00e1bados entre las 15:00 a 17:00, deben contar con cr\u00e9dito pre-aprobado,\u00a0 debiendo remitir el comprobante al correo electr\u00f3nico. Para concretar la venta se deber\u00e1 firmar una promesa de compraventa<\/span>.<br \/>Se debe cancelar el 2 % m\u00e1s IVA por comisi\u00f3n de corretaje, debiendo pagar el 50 % al momento de firmar la promesa de compraventa y el otro 50 % al momento de firmar el contrato definitivo.<\/div><div>Para ver la casa haga clic en el video.<\/div><p><iframe title=\"YouTube video player\" src=\"https:\/\/www.youtube.com\/embed\/YNRFefjyQLw?si=NJUiGthYhfrDcZmZ\" width=\"560\" height=\"315\" frameborder=\"0\" allowfullscreen=\"allowfullscreen\"><\/iframe><\/p><\/div>\t\t\t\t\t\t<\/div>\n\t\t\t\t<\/div>\n\t\t\t\t\t<\/div>\n\t\t<\/div>\n\t\t\t\t\t<\/div>\n\t\t<\/section>\n\t\t\t\t\t<\/div>\n\t\t<\/div>\n\t\t\t\t\t<\/div>\n\t\t<\/section>\n\t\t\t\t<section class=\"elementor-section elementor-top-section elementor-element elementor-element-67f4e41 elementor-section-height-min-height elementor-section-boxed elementor-section-height-default elementor-section-items-middle tf-sticky-section tf-sticky-no\" data-id=\"67f4e41\" data-element_type=\"section\" data-settings=\"{&quot;background_background&quot;:&quot;classic&quot;,&quot;tf_sticky&quot;:&quot;no&quot;}\">\n\t\t\t\t\t\t\t<div class=\"elementor-background-overlay\"><\/div>\n\t\t\t\t\t\t\t<div class=\"elementor-container elementor-column-gap-default\">\n\t\t\t\t\t<div class=\"elementor-column elementor-col-50 elementor-top-column elementor-element elementor-element-4f08552\" data-id=\"4f08552\" data-element_type=\"column\">\n\t\t\t<div class=\"elementor-widget-wrap elementor-element-populated\">\n\t\t\t\t\t\t<div class=\"elementor-element elementor-element-af7eb90 de_scroll_animation_no elementor-widget elementor-widget-heading\" data-id=\"af7eb90\" data-element_type=\"widget\" data-widget_type=\"heading.default\">\n\t\t\t\t<div class=\"elementor-widget-container\">\n\t\t\t<h2 class=\"elementor-heading-title elementor-size-default\">Servicio de Tasador Inmobiliario<\/h2>\t\t<\/div>\n\t\t\t\t<\/div>\n\t\t\t\t<div class=\"elementor-element elementor-element-9a877cf de_scroll_animation_no elementor-widget elementor-widget-text-editor\" data-id=\"9a877cf\" data-element_type=\"widget\" data-widget_type=\"text-editor.default\">\n\t\t\t\t<div class=\"elementor-widget-container\">\n\t\t\t\t\t\t\t<p>Nuestro tasador inmobiliario certificado te proporciona valuaciones precisas y asesoramiento experto. Completa el formulario para una consulta personalizada.<\/p>\t\t\t\t\t\t<\/div>\n\t\t\t\t<\/div>\n\t\t\t\t\t<\/div>\n\t\t<\/div>\n\t\t\t\t<div class=\"elementor-column elementor-col-50 elementor-top-column elementor-element elementor-element-3058040\" data-id=\"3058040\" data-element_type=\"column\">\n\t\t\t<div class=\"elementor-widget-wrap elementor-element-populated\">\n\t\t\t\t\t\t<section class=\"elementor-section elementor-inner-section elementor-element elementor-element-709eb1b elementor-section-boxed elementor-section-height-default elementor-section-height-default tf-sticky-section tf-sticky-no\" data-id=\"709eb1b\" data-element_type=\"section\" data-settings=\"{&quot;tf_sticky&quot;:&quot;no&quot;}\">\n\t\t\t\t\t\t<div class=\"elementor-container elementor-column-gap-default\">\n\t\t\t\t\t<div class=\"elementor-column elementor-col-50 elementor-inner-column elementor-element elementor-element-2f44f4d\" data-id=\"2f44f4d\" data-element_type=\"column\">\n\t\t\t<div class=\"elementor-widget-wrap\">\n\t\t\t\t\t\t\t<\/div>\n\t\t<\/div>\n\t\t\t\t<div class=\"elementor-column elementor-col-50 elementor-inner-column elementor-element elementor-element-3e7bb6e\" data-id=\"3e7bb6e\" data-element_type=\"column\">\n\t\t\t<div class=\"elementor-widget-wrap elementor-element-populated\">\n\t\t\t\t\t\t<div class=\"elementor-element elementor-element-63eeaa7 elementor-align-right elementor-tablet-align-center de_scroll_animation_no elementor-widget elementor-widget-button\" data-id=\"63eeaa7\" data-element_type=\"widget\" data-widget_type=\"button.default\">\n\t\t\t\t<div class=\"elementor-widget-container\">\n\t\t\t\t\t<div class=\"elementor-button-wrapper\">\n\t\t\t<a class=\"elementor-button elementor-button-link elementor-size-sm\" href=\"mailto:tasador@inmobiliariacarpediem.cl\" target=\"_blank\">\n\t\t\t\t\t\t<span class=\"elementor-button-content-wrapper\">\n\t\t\t\t\t\t\t\t\t<span class=\"elementor-button-text\">Cont\u00e1ctanos<\/span>\n\t\t\t\t\t<\/span>\n\t\t\t\t\t<\/a>\n\t\t<\/div>\n\t\t\t\t<\/div>\n\t\t\t\t<\/div>\n\t\t\t\t<div class=\"elementor-element elementor-element-7b13dc4 elementor-align-left elementor-tablet-align-center de_scroll_animation_no elementor-widget elementor-widget-button\" data-id=\"7b13dc4\" data-element_type=\"widget\" data-widget_type=\"button.default\">\n\t\t\t\t<div class=\"elementor-widget-container\">\n\t\t\t\t\t<div class=\"elementor-button-wrapper\">\n\t\t\t<a class=\"elementor-button elementor-button-link elementor-size-sm\" href=\"https:\/\/inmobiliariacarpediem.cl\/index.php\/tasador\/\" target=\"_blank\">\n\t\t\t\t\t\t<span class=\"elementor-button-content-wrapper\">\n\t\t\t\t\t\t\t\t\t<span class=\"elementor-button-text\">Tasador Inmobiliario<\/span>\n\t\t\t\t\t<\/span>\n\t\t\t\t\t<\/a>\n\t\t<\/div>\n\t\t\t\t<\/div>\n\t\t\t\t<\/div>\n\t\t\t\t\t<\/div>\n\t\t<\/div>\n\t\t\t\t\t<\/div>\n\t\t<\/section>\n\t\t\t\t\t<\/div>\n\t\t<\/div>\n\t\t\t\t\t<\/div>\n\t\t<\/section>\n\t\t\t\t<section class=\"elementor-section elementor-top-section elementor-element elementor-element-430e2e11 elementor-section-boxed elementor-section-height-default elementor-section-height-default tf-sticky-section tf-sticky-no\" data-id=\"430e2e11\" data-element_type=\"section\" data-settings=\"{&quot;tf_sticky&quot;:&quot;no&quot;}\">\n\t\t\t\t\t\t<div class=\"elementor-container elementor-column-gap-default\">\n\t\t\t\t\t<div class=\"elementor-column elementor-col-100 elementor-top-column elementor-element elementor-element-1f8d2570\" data-id=\"1f8d2570\" data-element_type=\"column\">\n\t\t\t<div class=\"elementor-widget-wrap elementor-element-populated\">\n\t\t\t\t\t\t<div class=\"elementor-element elementor-element-5cf8460e de_scroll_animation_no elementor-widget elementor-widget-tf-scroll-top\" data-id=\"5cf8460e\" data-element_type=\"widget\" data-widget_type=\"tf-scroll-top.default\">\n\t\t\t\t<div class=\"elementor-widget-container\">\n\t\t\t\t\t<div id=\"tf-scroll-top\" class=\"tf-scroll-top scroll-and-show scroll-top-position-right from-bottom\" data-tabid=\"5cf8460e\" data-type=\"scroll-and-show\">\r\n\t\t\t<a href=\"#\" class=\"inner-scroll-top\">\r\n\t\t\t\t<span class=\"icon-scroll-top\"><i aria-hidden=\"true\" class=\"fas fa-chevron-up\"><\/i><\/span>\r\n\t\t\t<\/a>\r\n\t\t<\/div>\r\n\t\t\t\t<\/div>\n\t\t\t\t<\/div>\n\t\t\t\t\t<\/div>\n\t\t<\/div>\n\t\t\t\t\t<\/div>\n\t\t<\/section>\n\t\t\t\t<\/div>\n\t\t","protected":false},"excerpt":{"rendered":"<p>venta casa en mejillones 4D 3B &#8211; Mejillones VENTA 4D 3B | Mejillones CASA EN MEJILLONES UF 3.475 Tipolog\u00eda:\u00a04D 3BSuperficie total: 140 m2VALOR VENTA: uf 3.475 Contactar DESCRIPCI\u00d3N DE LA PROPIEDAD SE VENDE CASA EN LA CIUDAD DE MEJILLONESUbicaci\u00f3n: Calle Arturo P\u00e9rez Canto N\u00b0 674, cuenta con:&#8211; 4 Habitaciones, 1 en Suite&#8211; 3 Ba\u00f1os (inlcuye [&hellip;]<\/p>\n","protected":false},"author":1,"featured_media":0,"parent":0,"menu_order":0,"comment_status":"closed","ping_status":"closed","template":"elementor_header_footer","meta":{"footnotes":""},"class_list":["post-313","page","type-page","status-publish","hentry"],"_links":{"self":[{"href":"https:\/\/inmobiliariacarpediem.cl\/index.php\/wp-json\/wp\/v2\/pages\/313","targetHints":{"allow":["GET"]}}],"collection":[{"href":"https:\/\/inmobiliariacarpediem.cl\/index.php\/wp-json\/wp\/v2\/pages"}],"about":[{"href":"https:\/\/inmobiliariacarpediem.cl\/index.php\/wp-json\/wp\/v2\/types\/page"}],"author":[{"embeddable":true,"href":"https:\/\/inmobiliariacarpediem.cl\/index.php\/wp-json\/wp\/v2\/users\/1"}],"replies":[{"embeddable":true,"href":"https:\/\/inmobiliariacarpediem.cl\/index.php\/wp-json\/wp\/v2\/comments?post=313"}],"version-history":[{"count":87,"href":"https:\/\/inmobiliariacarpediem.cl\/index.php\/wp-json\/wp\/v2\/pages\/313\/revisions"}],"predecessor-version":[{"id":1010,"href":"https:\/\/inmobiliariacarpediem.cl\/index.php\/wp-json\/wp\/v2\/pages\/313\/revisions\/1010"}],"wp:attachment":[{"href":"https:\/\/inmobiliariacarpediem.cl\/index.php\/wp-json\/wp\/v2\/media?parent=313"}],"curies":[{"name":"wp","href":"https:\/\/api.w.org\/{rel}","templated":true}]}}